{"version":"1.0","provider_name":"ASEZ","provider_url":"https:\/\/asez.org\/es\/","author_name":"jy","author_url":"https:\/\/asez.org\/es\/author\/kd8542\/","title":"ASEZ lleva a cabo actividades de esfuerzos de recuperaci\u00f3n por da\u00f1os causados por los incendios forestales en Rep\u00fablica de Sud\u00e1frica - ASEZ","type":"rich","width":600,"height":338,"html":"<blockquote class=\"wp-embedded-content\" data-secret=\"zLZlWsbxgT\"><a href=\"https:\/\/asez.org\/es\/rsa_wildfire_recovery_eng\/\">ASEZ lleva a cabo actividades de esfuerzos de recuperaci\u00f3n por da\u00f1os causados por los incendios forestales en Rep\u00fablica de Sud\u00e1frica<\/a><\/blockquote><iframe sandbox=\"allow-scripts\" security=\"restricted\" src=\"https:\/\/asez.org\/es\/rsa_wildfire_recovery_eng\/embed\/#?secret=zLZlWsbxgT\" width=\"600\" height=\"338\" title=\"\u00abASEZ lleva a cabo actividades de esfuerzos de recuperaci\u00f3n por da\u00f1os causados por los incendios forestales en Rep\u00fablica de Sud\u00e1frica\u00bb \u2014 ASEZ\" data-secret=\"zLZlWsbxgT\" frameborder=\"0\" marginwidth=\"0\" marginheight=\"0\" scrolling=\"no\" class=\"wp-embedded-content\"><\/iframe><script type=\"text\/javascript\">\n\/* <![CDATA[ *\/\n\/*! This file is auto-generated *\/\n!function(d,l){\"use strict\";l.querySelector&&d.addEventListener&&\"undefined\"!=typeof URL&&(d.wp=d.wp||{},d.wp.receiveEmbedMessage||(d.wp.receiveEmbedMessage=function(e){var t=e.data;if((t||t.secret||t.message||t.value)&&!\/[^a-zA-Z0-9]\/.test(t.secret)){for(var s,r,n,a=l.querySelectorAll('iframe[data-secret=\"'+t.secret+'\"]'),o=l.querySelectorAll('blockquote[data-secret=\"'+t.secret+'\"]'),c=new RegExp(\"^https?:$\",\"i\"),i=0;i<o.length;i++)o[i].style.display=\"none\";for(i=0;i<a.length;i++)s=a[i],e.source===s.contentWindow&&(s.removeAttribute(\"style\"),\"height\"===t.message?(1e3<(r=parseInt(t.value,10))?r=1e3:~~r<200&&(r=200),s.height=r):\"link\"===t.message&&(r=new URL(s.getAttribute(\"src\")),n=new URL(t.value),c.test(n.protocol))&&n.host===r.host&&l.activeElement===s&&(d.top.location.href=t.value))}},d.addEventListener(\"message\",d.wp.receiveEmbedMessage,!1),l.addEventListener(\"DOMContentLoaded\",function(){for(var e,t,s=l.querySelectorAll(\"iframe.wp-embedded-content\"),r=0;r<s.length;r++)(t=(e=s[r]).getAttribute(\"data-secret\"))||(t=Math.random().toString(36).substring(2,12),e.src+=\"#?secret=\"+t,e.setAttribute(\"data-secret\",t)),e.contentWindow.postMessage({message:\"ready\",secret:t},\"*\")},!1)))}(window,document);\n\/\/# sourceURL=https:\/\/asez.org\/wp-includes\/js\/wp-embed.min.js\n\/* ]]> *\/\n<\/script>\n","thumbnail_url":"https:\/\/asez.org\/wp-content\/uploads\/2021\/04\/news_210429_07_thum.jpg","thumbnail_width":3840,"thumbnail_height":2000,"description":"ASEZ se ha movilizado para colaborar en la recuperaci\u00f3n de los da\u00f1os causados por los incendios forestales en Rep\u00fablica de Sud\u00e1frica. El incendio, que se origin\u00f3 en la Monta\u00f1a de la Mesa, una de las siete maravillas naturales del mundo, se propag\u00f3 r\u00e1pidamente debido a los fuertes vientos, causando graves da\u00f1os en la Universidad de..."}